{"id":222862,"date":"2022-08-18T18:22:59","date_gmt":"2022-08-18T16:22:59","guid":{"rendered":"https:\/\/suitcaseinspain.com\/?page_id=222862"},"modified":"2023-07-31T08:17:10","modified_gmt":"2023-07-31T06:17:10","slug":"alicante-tram-prices-schedule-and-more","status":"publish","type":"page","link":"https:\/\/suitcaseinspain.com\/es\/around-the-world\/spain\/community-of-valencia\/discover-alicante\/getting-around-alicante\/alicante-tram-prices-schedule-and-more\/","title":{"rendered":"Alicante TRAM &#8211; Prices, schedule and more"},"content":{"rendered":"<p>[et_pb_section fb_built=&#8221;1&#8243; fullwidth=&#8221;on&#8221; _builder_version=&#8221;4.17.4&#8243; _module_preset=&#8221;default&#8221; custom_padding=&#8221;||||false|false&#8221; da_disable_devices=&#8221;off|off|off&#8221; locked=&#8221;off&#8221; global_colors_info=&#8221;{}&#8221; da_is_popup=&#8221;off&#8221; da_exit_intent=&#8221;off&#8221; da_has_close=&#8221;on&#8221; da_alt_close=&#8221;off&#8221; da_dark_close=&#8221;off&#8221; da_not_modal=&#8221;on&#8221; da_is_singular=&#8221;off&#8221; da_with_loader=&#8221;off&#8221; da_has_shadow=&#8221;on&#8221;][et_pb_fullwidth_header title=&#8221;Alicante TRAM Prices, Schedules, and more&#8221; subhead=&#8221;Updated August 2022&#8243; _builder_version=&#8221;4.18.0&#8243; _module_preset=&#8221;default&#8221; title_font=&#8221;Shadows Into Light Two||||||||&#8221; title_font_size=&#8221;72px&#8221; background_color=&#8221;#D01622&#8243; background_image=&#8221;https:\/\/suitcaseinspain.com\/wp-content\/uploads\/2022\/08\/AlicanteTram.jpg&#8221; background_blend=&#8221;multiply&#8221; height=&#8221;50vh&#8221; custom_padding=&#8221;||71px|||&#8221; title_font_size_tablet=&#8221;72px&#8221; title_font_size_phone=&#8221;42px&#8221; title_font_size_last_edited=&#8221;on|phone&#8221; subhead_font_size_tablet=&#8221;&#8221; subhead_font_size_phone=&#8221;14px&#8221; subhead_font_size_last_edited=&#8221;on|phone&#8221; global_colors_info=&#8221;{}&#8221;][\/et_pb_fullwidth_header][\/et_pb_section][et_pb_section fb_built=&#8221;1&#8243; _builder_version=&#8221;4.18.0&#8243; _module_preset=&#8221;default&#8221; background_color=&#8221;#f7f7f7&#8243; display_conditions=&#8221;W10=&#8221; custom_margin=&#8221;-3px||||false|false&#8221; custom_padding=&#8221;2em||1em||false|false&#8221; da_disable_devices=&#8221;off|off|off&#8221; locked=&#8221;off&#8221; global_colors_info=&#8221;{}&#8221; da_is_popup=&#8221;off&#8221; da_exit_intent=&#8221;off&#8221; da_has_close=&#8221;on&#8221; da_alt_close=&#8221;off&#8221; da_dark_close=&#8221;off&#8221; da_not_modal=&#8221;on&#8221; da_is_singular=&#8221;off&#8221; da_with_loader=&#8221;off&#8221; da_has_shadow=&#8221;on&#8221;][et_pb_row disabled_on=&#8221;off|off|off&#8221; admin_label=&#8221;Market Information Title Area&#8221; _builder_version=&#8221;4.18.0&#8243; background_color=&#8221;#FFFFFF&#8221; module_alignment=&#8221;center&#8221; custom_margin=&#8221;||2em||false|false&#8221; custom_padding=&#8221;1.5em|2em|1.5em|2em|true|true&#8221; border_radii=&#8221;on|8px|8px|8px|8px&#8221; border_color_all=&#8221;#F06455&#8243; box_shadow_style=&#8221;preset4&#8243; box_shadow_color=&#8221;#41a5ad&#8221; global_colors_info=&#8221;{}&#8221;][et_pb_column type=&#8221;4_4&#8243; _builder_version=&#8221;4.16&#8243; custom_padding=&#8221;|||&#8221; global_colors_info=&#8221;{}&#8221; custom_padding__hover=&#8221;|||&#8221;][et_pb_text _builder_version=&#8221;4.21.0&#8243; text_font=&#8221;||||||||&#8221; header_font=&#8221;||||||||&#8221; animation_direction=&#8221;left&#8221; hover_enabled=&#8221;0&#8243; text_font_size_tablet=&#8221;16px&#8221; text_font_size_phone=&#8221;12px&#8221; text_font_size_last_edited=&#8221;on|phone&#8221; text_line_height_tablet=&#8221;&#8221; text_line_height_phone=&#8221;1.6em&#8221; text_line_height_last_edited=&#8221;on|phone&#8221; global_colors_info=&#8221;{}&#8221; sticky_enabled=&#8221;0&#8243;]<\/p>\n<p><span style=\"font-weight: 400;\">If you use\u00a0 public transit and live in <strong>la Comunidad Valenciana <\/strong>(Alicante, Castellon and Valencia), you are in luck! <\/span><\/p>\n<p><span style=\"font-weight: 400;\">Fares have <strong>dropped by 50%<\/strong> effective until <strong>31 January 2024<\/strong>.\u00a0<\/span><\/p>\n<p><span style=\"font-weight: 400;\">To take advantage of this, <strong>you need<\/strong> to purchase <strong>a M\u00f3bilis public transit card (Bono M\u00f3bilis Multiviaje)<\/strong>\u00a0and load it with 10 to 30 trips.\u00a0<\/span><\/p>\n<p><span style=\"font-weight: 400;\">The Mobilis Card gives you the flexibility to transfer to other lines within one hour. So, if you need to take two buses, or a bus and a tram, you won&#8217;t get charged again as long as it is within 60 minutes. If you are planning a return trip within 60-minutes, &#8216;transbordo&#8217; only works if you are taking 2 different bus lines.\u00a0<\/span><\/p>\n<p><span style=\"font-weight: 400;\">You can also use the same Mobilis Card if you are traveling with others.<\/span><\/p>\n<p><span style=\"font-weight: 400;\"><a href=\"https:\/\/suitcaseinspain.com\/temporary-discount-on-public-transit-for-alicante\/\" target=\"_blank\" rel=\"noopener\" title=\"Click here\">Click here <\/a>to see the temporary discount price schedule.\u00a0<\/span><\/p>\n<p>[\/et_pb_text][\/et_pb_column][\/et_pb_row][\/et_pb_section][et_pb_section fb_built=&#8221;1&#8243; _builder_version=&#8221;4.18.0&#8243; _module_preset=&#8221;default&#8221; da_disable_devices=&#8221;off|off|off&#8221; global_colors_info=&#8221;{}&#8221; da_is_popup=&#8221;off&#8221; da_exit_intent=&#8221;off&#8221; da_has_close=&#8221;on&#8221; da_alt_close=&#8221;off&#8221; da_dark_close=&#8221;off&#8221; da_not_modal=&#8221;on&#8221; da_is_singular=&#8221;off&#8221; da_with_loader=&#8221;off&#8221; da_has_shadow=&#8221;on&#8221;][et_pb_row column_structure=&#8221;1_3,2_3&#8243; admin_label=&#8221;Row&#8221; _builder_version=&#8221;4.18.0&#8243; _module_preset=&#8221;default&#8221; custom_padding=&#8221;2em||2em||true|false&#8221; collapsed=&#8221;off&#8221; global_colors_info=&#8221;{}&#8221;][et_pb_column type=&#8221;1_3&#8243; _builder_version=&#8221;4.18.0&#8243; _module_preset=&#8221;default&#8221; sticky_position=&#8221;top&#8221; sticky_offset_top=&#8221;2em&#8221; sticky_limit_bottom=&#8221;section&#8221; global_colors_info=&#8221;{}&#8221;][et_pb_text module_class=&#8221;et_pb_sticky_module&#8221; _builder_version=&#8221;4.18.0&#8243; _module_preset=&#8221;default&#8221; link_text_color=&#8221;#D01622&#8243; z_index=&#8221;9999999&#8243; width_last_edited=&#8221;off|desktop&#8221; sticky_position=&#8221;top&#8221; sticky_offset_top=&#8221;36px&#8221; sticky_limit_bottom=&#8221;section&#8221; motion_trigger_start=&#8221;top&#8221; global_colors_info=&#8221;{}&#8221; border_radii__sticky_enabled=&#8221;off|desktop&#8221;]<\/p>\n<div id=\"ez-toc-container\" class=\"ez-toc-v2_0_82_2 ez-toc-wrap-center counter-hierarchy ez-toc-counter ez-toc-custom ez-toc-container-direction\">\n<p class=\"ez-toc-title\" style=\"cursor:inherit\">Table of Contents<\/p>\n<label for=\"ez-toc-cssicon-toggle-item-69f5772ad0512\" class=\"ez-toc-cssicon-toggle-label\"><span class=\"ez-toc-cssicon\"><span class=\"eztoc-hide\" style=\"display:none;\">Toggle<\/span><span class=\"ez-toc-icon-toggle-span\"><svg style=\"fill: #ffffff;color:#ffffff\" xmlns=\"http:\/\/www.w3.org\/2000\/svg\" class=\"list-377408\" width=\"20px\" height=\"20px\" viewBox=\"0 0 24 24\" fill=\"none\"><path d=\"M6 6H4v2h2V6zm14 0H8v2h12V6zM4 11h2v2H4v-2zm16 0H8v2h12v-2zM4 16h2v2H4v-2zm16 0H8v2h12v-2z\" fill=\"currentColor\"><\/path><\/svg><svg style=\"fill: #ffffff;color:#ffffff\" class=\"arrow-unsorted-368013\" xmlns=\"http:\/\/www.w3.org\/2000\/svg\" width=\"10px\" height=\"10px\" viewBox=\"0 0 24 24\" version=\"1.2\" baseProfile=\"tiny\"><path d=\"M18.2 9.3l-6.2-6.3-6.2 6.3c-.2.2-.3.4-.3.7s.1.5.3.7c.2.2.4.3.7.3h11c.3 0 .5-.1.7-.3.2-.2.3-.5.3-.7s-.1-.5-.3-.7zM5.8 14.7l6.2 6.3 6.2-6.3c.2-.2.3-.5.3-.7s-.1-.5-.3-.7c-.2-.2-.4-.3-.7-.3h-11c-.3 0-.5.1-.7.3-.2.2-.3.5-.3.7s.1.5.3.7z\"\/><\/svg><\/span><\/span><\/label><input type=\"checkbox\"  id=\"ez-toc-cssicon-toggle-item-69f5772ad0512\" checked aria-label=\"Alternar\" \/><nav><ul class='ez-toc-list ez-toc-list-level-1 ' ><ul class='ez-toc-list-level-3' ><li class='ez-toc-heading-level-3'><a class=\"ez-toc-link ez-toc-heading-1\" href=\"https:\/\/suitcaseinspain.com\/es\/around-the-world\/spain\/community-of-valencia\/discover-alicante\/getting-around-alicante\/alicante-tram-prices-schedule-and-more\/#New_Fare_Model\" >New Fare Model<\/a><\/li><li class='ez-toc-page-1 ez-toc-heading-level-3'><a class=\"ez-toc-link ez-toc-heading-2\" href=\"https:\/\/suitcaseinspain.com\/es\/around-the-world\/spain\/community-of-valencia\/discover-alicante\/getting-around-alicante\/alicante-tram-prices-schedule-and-more\/#Where_can_I_buy_it\" >Where can I buy it?<\/a><\/li><li class='ez-toc-page-1 ez-toc-heading-level-3'><a class=\"ez-toc-link ez-toc-heading-3\" href=\"https:\/\/suitcaseinspain.com\/es\/around-the-world\/spain\/community-of-valencia\/discover-alicante\/getting-around-alicante\/alicante-tram-prices-schedule-and-more\/#Public_Transit_Card_Discounts\" >Public Transit Card Discounts<\/a><\/li><li class='ez-toc-page-1 ez-toc-heading-level-3'><a class=\"ez-toc-link ez-toc-heading-4\" href=\"https:\/\/suitcaseinspain.com\/es\/around-the-world\/spain\/community-of-valencia\/discover-alicante\/getting-around-alicante\/alicante-tram-prices-schedule-and-more\/#How_to_choose_the_right_fare\" >How to choose the right fare<\/a><\/li><li class='ez-toc-page-1 ez-toc-heading-level-3'><a class=\"ez-toc-link ez-toc-heading-5\" href=\"https:\/\/suitcaseinspain.com\/es\/around-the-world\/spain\/community-of-valencia\/discover-alicante\/getting-around-alicante\/alicante-tram-prices-schedule-and-more\/#Routes\" >Routes<\/a><\/li><li class='ez-toc-page-1 ez-toc-heading-level-3'><a class=\"ez-toc-link ez-toc-heading-6\" href=\"https:\/\/suitcaseinspain.com\/es\/around-the-world\/spain\/community-of-valencia\/discover-alicante\/getting-around-alicante\/alicante-tram-prices-schedule-and-more\/#Fares\" >Fares<\/a><\/li><li class='ez-toc-page-1 ez-toc-heading-level-3'><a class=\"ez-toc-link ez-toc-heading-7\" href=\"https:\/\/suitcaseinspain.com\/es\/around-the-world\/spain\/community-of-valencia\/discover-alicante\/getting-around-alicante\/alicante-tram-prices-schedule-and-more\/#Fare_summary\" >Fare summary<\/a><\/li><li class='ez-toc-page-1 ez-toc-heading-level-3'><a class=\"ez-toc-link ez-toc-heading-8\" href=\"https:\/\/suitcaseinspain.com\/es\/around-the-world\/spain\/community-of-valencia\/discover-alicante\/getting-around-alicante\/alicante-tram-prices-schedule-and-more\/#Special_Zones_T1_and_T2\" >Special Zones T1 and T2<\/a><\/li><li class='ez-toc-page-1 ez-toc-heading-level-3'><a class=\"ez-toc-link ez-toc-heading-9\" href=\"https:\/\/suitcaseinspain.com\/es\/around-the-world\/spain\/community-of-valencia\/discover-alicante\/getting-around-alicante\/alicante-tram-prices-schedule-and-more\/#Amenities\" >Amenities<\/a><\/li><li class='ez-toc-page-1 ez-toc-heading-level-3'><a class=\"ez-toc-link ez-toc-heading-10\" href=\"https:\/\/suitcaseinspain.com\/es\/around-the-world\/spain\/community-of-valencia\/discover-alicante\/getting-around-alicante\/alicante-tram-prices-schedule-and-more\/#Alicante_TRAM_Schedules_and_Timetables\" >Alicante TRAM Schedules and Timetables<\/a><\/li><\/ul><\/li><li class='ez-toc-page-1 ez-toc-heading-level-2'><a class=\"ez-toc-link ez-toc-heading-11\" href=\"https:\/\/suitcaseinspain.com\/es\/around-the-world\/spain\/community-of-valencia\/discover-alicante\/getting-around-alicante\/alicante-tram-prices-schedule-and-more\/#Travel_rules_%E2%80%93_bicycles\" >Travel rules &#8211; bicycles<\/a><\/li><\/ul><\/nav><\/div>\n\n<p>[\/et_pb_text][\/et_pb_column][et_pb_column type=&#8221;2_3&#8243; _builder_version=&#8221;4.18.0&#8243; _module_preset=&#8221;default&#8221; global_colors_info=&#8221;{}&#8221;][et_pb_text _builder_version=&#8221;4.18.0&#8243; _module_preset=&#8221;default&#8221; text_font_size_tablet=&#8221;&#8221; text_font_size_phone=&#8221;14px&#8221; text_font_size_last_edited=&#8221;on|phone&#8221; global_colors_info=&#8221;{}&#8221;]<\/p>\n<h3><span class=\"ez-toc-section\" id=\"New_Fare_Model\"><\/span>New Fare Model<span class=\"ez-toc-section-end\"><\/span><\/h3>\n<p>The TRAM service operates in underground tunnels in Alicante city centre and overground on the rest of the lines.<\/p>\n<ul>\n<li>Line 1: Luceros \u2013 Benidorm<\/li>\n<li>Line 2: Luceros \u2013 University of Alicante- Sant Vicent del Raspeig<\/li>\n<li>Line 3: Luceros \u2013 El Campello<\/li>\n<li>Line 4: Luceros \u2013 Plaza La Coru\u00f1a ( San Juan Beach)<\/li>\n<li>Line 5: Puerta del Mar ( Postiguet Beach)- Plaza La Coru\u00f1a ( San Juan Beach)<\/li>\n<li>Line 9: Benidorm- Denia<\/li>\n<\/ul>\n<p>If you are a tourist and plan on using public transit during your stay, we highly recommend purchasing the public transport pass (plastic rechargeable Mobilis Card) for <strong>2\u20ac<\/strong> as this<em> allows you transfers (transbordo)<\/em> between different trams and\/or bus lines within a 60-minute timeframe. This also allows you, along with others in your group to use a single card for all your fares.<\/p>\n<p>A new fare model that was introduced in June 2022 that offers a price reduction of up to 50% depending on the origin and destination: one, two or three zones, with 10-journey passes that cost 8\u20ac, 12\u20ac and 20\u20ac, respectively. See the Fare Summary table below. (these are the regular prices without the 50% discount)<\/p>\n<p>[\/et_pb_text][et_pb_text _builder_version=&#8221;4.18.0&#8243; _module_preset=&#8221;default&#8221; text_font_size_tablet=&#8221;&#8221; text_font_size_phone=&#8221;14px&#8221; text_font_size_last_edited=&#8221;on|phone&#8221; global_colors_info=&#8221;{}&#8221;]<\/p>\n<h3><span class=\"ez-toc-section\" id=\"Where_can_I_buy_it\"><\/span>Where can I buy it?<span class=\"ez-toc-section-end\"><\/span><\/h3>\n<p><a href=\"https:\/\/alicante.vectalia.es\/en\/\">TAM<\/a> Customer Service office at Calle D\u00edaz Moreu N\u00ba 6, by Rambla M\u00e9ndez N\u00fa\u00f1ez<\/p>\n<p><a href=\"https:\/\/www.tramalacant.es\/en\/fares\/temporary-fares\/\">TRAM<\/a> office, at Luceros Station (Plaza De Los Luceros)<\/p>\n<p><a href=\"https:\/\/suitcaseinspain.com\/wp-content\/uploads\/2022\/08\/publictransportcardALC.jpg\"><img decoding=\"async\" class=\"wp-image-223086 alignnone size-full\" src=\"https:\/\/suitcaseinspain.com\/wp-content\/uploads\/2022\/08\/publictransportcardALC.jpg\" alt=\"\" width=\"215\" height=\"137\" \/><\/a><\/p>\n<p>To buy a public transit card, you need to go to Luceros Station where you will find a customer service counter. The TRAM staff will be able to help you find the best option for your typical journeys.<\/p>\n<p>Once you have a public transit card, it can be recharged at the machines at Luceros and Mercado stations or inside the TRAM trains. You can also top up at &#8216;kioscos&#8217;, &#8216;estanco&#8217; or &#8216;tabaco&#8217; shops around the city &#8211; but only Monday to Friday.\u00a0<\/p>\n<blockquote>\n<p>NOTE: Some of these shops do not accept debit\/credit cards so be prepared to pay with cash.\u00a0<\/p>\n<\/blockquote>\n<p>The public transport card can be also used on the bus network at the same price.<\/p>\n<p>[\/et_pb_text][et_pb_text _builder_version=&#8221;4.18.0&#8243; _module_preset=&#8221;default&#8221; text_font_size_tablet=&#8221;&#8221; text_font_size_phone=&#8221;14px&#8221; text_font_size_last_edited=&#8221;on|phone&#8221; global_colors_info=&#8221;{}&#8221;]<\/p>\n<h3><span class=\"ez-toc-section\" id=\"Public_Transit_Card_Discounts\"><\/span>Public Transit Card Discounts<span class=\"ez-toc-section-end\"><\/span><\/h3>\n<p>There are special discounts available for young and senior people. Talk to the staff at Luceros station to find if you qualify and how to apply for one.<\/p>\n<p>[\/et_pb_text][et_pb_text _builder_version=&#8221;4.18.0&#8243; _module_preset=&#8221;default&#8221; text_font_size_tablet=&#8221;&#8221; text_font_size_phone=&#8221;14px&#8221; text_font_size_last_edited=&#8221;on|phone&#8221; global_colors_info=&#8221;{}&#8221;]<\/p>\n<p>At any of the stations, you should be able to transfer from one line to the another depending your travel plans. All trams (except for line L5) stop at Luceros, Mercado and MARQ-Castillo.<\/p>\n<p>[\/et_pb_text][\/et_pb_column][\/et_pb_row][et_pb_row column_structure=&#8221;1_3,1_3,1_3&#8243; _builder_version=&#8221;4.18.0&#8243; _module_preset=&#8221;default&#8221; custom_margin=&#8221;||||false|false&#8221; custom_padding=&#8221;2em||2em||true|false&#8221; collapsed=&#8221;off&#8221; global_colors_info=&#8221;{}&#8221;][et_pb_column type=&#8221;1_3&#8243; _builder_version=&#8221;4.18.0&#8243; _module_preset=&#8221;default&#8221; global_colors_info=&#8221;{}&#8221;][\/et_pb_column][et_pb_column type=&#8221;1_3&#8243; _builder_version=&#8221;4.18.0&#8243; _module_preset=&#8221;default&#8221; global_colors_info=&#8221;{}&#8221;][et_pb_text _builder_version=&#8221;4.18.0&#8243; _module_preset=&#8221;default&#8221; header_3_font_size=&#8221;36px&#8221; text_font_size_tablet=&#8221;&#8221; text_font_size_phone=&#8221;14px&#8221; text_font_size_last_edited=&#8221;on|phone&#8221; global_colors_info=&#8221;{}&#8221;]<\/p>\n<h3><span class=\"ez-toc-section\" id=\"How_to_choose_the_right_fare\"><\/span>How to choose the right fare<span class=\"ez-toc-section-end\"><\/span><\/h3>\n<p>First, <a href=\"https:\/\/suitcaseinspain.com\/wp-content\/uploads\/2022\/08\/TRAM-Zone-Map.pdf\" target=\"_blank\" rel=\"noopener\">click on the image on the right<\/a> to check out the current fare zone map. This will help you decide which number of zones you need you need to buy.<\/p>\n<p>There are 3 TRAM zones: A, B and C and 2 special subzones: T1 and T2, that serve as small zones in nearby stops located between the main zones.<\/p>\n<p>One zone fare is <strong>1.45\u20ac<\/strong>, moving between two zones is <strong>2,80\u20ac<\/strong> and moving 3 zones is <strong>3,90\u20ac<\/strong>.<\/p>\n<p>[\/et_pb_text][\/et_pb_column][et_pb_column type=&#8221;1_3&#8243; _builder_version=&#8221;4.18.0&#8243; _module_preset=&#8221;default&#8221; global_colors_info=&#8221;{}&#8221;][et_pb_image src=&#8221;https:\/\/suitcaseinspain.com\/wp-content\/uploads\/2022\/08\/TRAM-map-image-scaled.jpg&#8221; title_text=&#8221;TRAM-map-image&#8221; url=&#8221;https:\/\/suitcaseinspain.com\/wp-content\/uploads\/2022\/08\/TRAM-Zone-Map.pdf&#8221; url_new_window=&#8221;on&#8221; align=&#8221;center&#8221; _builder_version=&#8221;4.18.0&#8243; _module_preset=&#8221;default&#8221; module_alignment=&#8221;center&#8221; global_colors_info=&#8221;{}&#8221;][\/et_pb_image][\/et_pb_column][\/et_pb_row][et_pb_row column_structure=&#8221;1_3,2_3&#8243; _builder_version=&#8221;4.18.0&#8243; _module_preset=&#8221;default&#8221; custom_padding=&#8221;2em||2em||true|false&#8221; collapsed=&#8221;off&#8221; global_colors_info=&#8221;{}&#8221;][et_pb_column type=&#8221;1_3&#8243; _builder_version=&#8221;4.18.0&#8243; _module_preset=&#8221;default&#8221; global_colors_info=&#8221;{}&#8221;][\/et_pb_column][et_pb_column type=&#8221;2_3&#8243; _builder_version=&#8221;4.18.0&#8243; _module_preset=&#8221;default&#8221; global_colors_info=&#8221;{}&#8221;][et_pb_text admin_label=&#8221;Text&#8221; _builder_version=&#8221;4.18.0&#8243; _module_preset=&#8221;default&#8221; text_font_size_tablet=&#8221;&#8221; text_font_size_phone=&#8221;14px&#8221; text_font_size_last_edited=&#8221;on|phone&#8221; global_colors_info=&#8221;{}&#8221;]<\/p>\n<h3><span class=\"ez-toc-section\" id=\"Routes\"><\/span>Routes<span class=\"ez-toc-section-end\"><\/span><\/h3>\n<p>The TRAM train in Alicante has 6 lines:<\/p>\n<p>Alicante\u2019s TRAM has a mixture of underground and unfenced overground stations. At the underground stations, you can use the machines around the stations and validate at the gate.<\/p>\n<p>[\/et_pb_text][et_pb_text _builder_version=&#8221;4.18.0&#8243; _module_preset=&#8221;default&#8221; text_font_size_tablet=&#8221;&#8221; text_font_size_phone=&#8221;12px&#8221; text_font_size_last_edited=&#8221;on|phone&#8221; text_line_height_tablet=&#8221;&#8221; text_line_height_phone=&#8221;1.5em&#8221; text_line_height_last_edited=&#8221;on|phone&#8221; overflow-x_tablet=&#8221;&#8221; overflow-x_phone=&#8221;scroll&#8221; overflow-x_last_edited=&#8221;on|phone&#8221; global_colors_info=&#8221;{}&#8221;]<\/p>\n<table style=\"border-collapse: collapse; width: 100%; height: 168px; margin-left: auto; margin-right: auto;\" border=\"1\">\n<tbody>\n<tr style=\"height: 24px;\">\n<td style=\"width: 16.5065%; height: 24px; text-align: center;\"><strong>TRAM Line<\/strong><\/td>\n<td style=\"width: 33.4935%; height: 24px; text-align: center;\"><strong>Starting Point<\/strong><\/td>\n<td style=\"width: 25%; height: 24px; text-align: center;\"><strong>Destination<\/strong><\/td>\n<td style=\"width: 25%; height: 24px; text-align: center;\"><strong>Single Ticket Fare<\/strong><\/td>\n<\/tr>\n<tr style=\"height: 24px; text-align: center;\">\n<td style=\"width: 16.5065%; height: 24px; text-align: center;\">L1<\/td>\n<td style=\"width: 33.4935%; height: 24px;\">Alicante (Luceros)<\/td>\n<td style=\"width: 25%; height: 24px;\">Benidorm Intermodal<\/td>\n<td style=\"width: 25%; height: 24px;\">2,80\u20ac (2 zones)<\/td>\n<\/tr>\n<tr style=\"height: 24px; text-align: center;\">\n<td style=\"width: 16.5065%; height: 24px; text-align: center;\">L2<\/td>\n<td style=\"width: 33.4935%; height: 24px;\">Alicante (Luceros)<\/td>\n<td style=\"width: 25%; height: 24px;\">San Vicente Del Raspeig<\/td>\n<td style=\"width: 25%; height: 24px;\">1,45\u20ac (1 zone)<\/td>\n<\/tr>\n<tr style=\"height: 24px; text-align: center;\">\n<td style=\"width: 16.5065%; height: 24px; text-align: center;\">L3<\/td>\n<td style=\"width: 33.4935%; height: 24px;\">Alicante (Luceros)<\/td>\n<td style=\"width: 25%; height: 24px;\">El Campello<\/td>\n<td style=\"width: 25%; height: 24px;\">1,45\u20ac (1 zone)<\/td>\n<\/tr>\n<tr style=\"height: 24px; text-align: center;\">\n<td style=\"width: 16.5065%; height: 24px; text-align: center;\">L4<\/td>\n<td style=\"width: 33.4935%; height: 24px;\">Alicante (Luceros)<\/td>\n<td style=\"width: 25%; height: 24px;\">Plaza La Coru\u00f1a (Playa San Juan)<\/td>\n<td style=\"width: 25%; height: 24px;\">1,45\u20ac (1 zone)<\/td>\n<\/tr>\n<tr style=\"height: 24px; text-align: center;\">\n<td style=\"width: 16.5065%; height: 24px; text-align: center;\">L5<\/td>\n<td style=\"width: 33.4935%; height: 24px;\">Alicanter Centre (Postiguet) \/ Puerta del Mar<\/td>\n<td style=\"width: 25%; height: 24px;\">Plaza La Coru\u00f1a (Playa San Juan)<\/td>\n<td style=\"width: 25%; height: 24px;\">1,45\u20ac (1 zone)<\/td>\n<\/tr>\n<tr style=\"height: 24px; text-align: center;\">\n<td style=\"width: 16.5065%; height: 24px; text-align: center;\">L9<\/td>\n<td style=\"width: 33.4935%; height: 24px;\">Benidorm<\/td>\n<td style=\"width: 25%; height: 24px;\">Denia<\/td>\n<td style=\"width: 25%; height: 24px;\">2,80\u20ac (2 zones)<\/td>\n<\/tr>\n<\/tbody>\n<\/table>\n<p>[\/et_pb_text][\/et_pb_column][\/et_pb_row][et_pb_row column_structure=&#8221;1_3,2_3&#8243; _builder_version=&#8221;4.18.0&#8243; _module_preset=&#8221;default&#8221; custom_padding=&#8221;2em||2em||true|false&#8221; collapsed=&#8221;off&#8221; global_colors_info=&#8221;{}&#8221;][et_pb_column type=&#8221;1_3&#8243; _builder_version=&#8221;4.18.0&#8243; _module_preset=&#8221;default&#8221; global_colors_info=&#8221;{}&#8221;][\/et_pb_column][et_pb_column type=&#8221;2_3&#8243; _builder_version=&#8221;4.18.0&#8243; _module_preset=&#8221;default&#8221; global_colors_info=&#8221;{}&#8221;][et_pb_text _builder_version=&#8221;4.18.0&#8243; _module_preset=&#8221;default&#8221; text_font_size_tablet=&#8221;&#8221; text_font_size_phone=&#8221;12px&#8221; text_font_size_last_edited=&#8221;on|phone&#8221; text_line_height_tablet=&#8221;&#8221; text_line_height_phone=&#8221;1.5em&#8221; text_line_height_last_edited=&#8221;on|phone&#8221; overflow-x_tablet=&#8221;&#8221; overflow-x_phone=&#8221;scroll&#8221; overflow-x_last_edited=&#8221;on|phone&#8221; global_colors_info=&#8221;{}&#8221;]<\/p>\n<p>Below is a list of the main routes along with approximate travel times.<\/p>\n<table style=\"border-collapse: collapse; width: 100%; height: 168px;\" border=\"1\">\n<tbody>\n<tr style=\"height: 24px;\">\n<td style=\"width: 20%; text-align: center; height: 24px;\"><strong>Route<\/strong><\/td>\n<td style=\"width: 20%; text-align: center; height: 24px;\"><strong>Line(s)<\/strong><\/td>\n<td style=\"width: 20%; text-align: center; height: 24px;\"><strong>Zones<\/strong><\/td>\n<td style=\"width: 20%; text-align: center; height: 24px;\"><strong>Fare<\/strong><\/td>\n<td style=\"width: 20%; text-align: center; height: 24px;\"><strong>ETA<\/strong><\/td>\n<\/tr>\n<tr style=\"height: 24px;\">\n<td style=\"width: 20%; text-align: center; height: 24px;\">Alicante \u2013 Benidorm<\/td>\n<td style=\"width: 20%; text-align: center; height: 24px;\">1<\/td>\n<td style=\"width: 20%; text-align: center; height: 24px;\">A to B<\/td>\n<td style=\"width: 20%; text-align: center; height: 24px;\">2,80\u20ac<\/td>\n<td style=\"width: 20%; text-align: center; height: 24px;\">~72 minutes<\/td>\n<\/tr>\n<tr style=\"height: 24px;\">\n<td style=\"width: 20%; text-align: center; height: 24px;\">Alicante \u2013 San Juan Beach<\/td>\n<td style=\"width: 20%; text-align: center; height: 24px;\">1, 4 or 5<\/td>\n<td style=\"width: 20%; text-align: center; height: 24px;\">A<\/td>\n<td style=\"width: 20%; text-align: center; height: 24px;\">1.75\u20ac<\/td>\n<td style=\"width: 20%; text-align: center; height: 24px;\">~18 minutes<\/td>\n<\/tr>\n<tr style=\"height: 24px;\">\n<td style=\"width: 20%; text-align: center; height: 24px;\">Alicante \u2013 Calpe<\/td>\n<td style=\"width: 20%; text-align: center; height: 24px;\">1 and 9<\/td>\n<td style=\"width: 20%; text-align: center; height: 24px;\">A to C<\/td>\n<td style=\"width: 20%; text-align: center; height: 24px;\">3,90\u20ac<\/td>\n<td style=\"width: 20%; text-align: center; height: 24px;\">~123 minutes<\/td>\n<\/tr>\n<tr style=\"height: 24px;\">\n<td style=\"width: 20%; text-align: center; height: 24px;\">Alicante \u2013 Altea<\/td>\n<td style=\"width: 20%; text-align: center; height: 24px;\">1 and 9<\/td>\n<td style=\"width: 20%; text-align: center; height: 24px;\">A to C<\/td>\n<td style=\"width: 20%; text-align: center; height: 24px;\">3,90\u20ac<\/td>\n<td style=\"width: 20%; text-align: center; height: 24px;\">~101 minutes<\/td>\n<\/tr>\n<tr style=\"height: 24px;\">\n<td style=\"width: 20%; text-align: center; height: 24px;\">Alicante- Campello<\/td>\n<td style=\"width: 20%; text-align: center; height: 24px;\">1 or 3<\/td>\n<td style=\"width: 20%; text-align: center; height: 24px;\">A<\/td>\n<td style=\"width: 20%; text-align: center; height: 24px;\">1.75\u20ac<\/td>\n<td style=\"width: 20%; text-align: center; height: 24px;\">~26 minutes<\/td>\n<\/tr>\n<tr style=\"height: 24px;\">\n<td style=\"width: 20%; height: 24px; text-align: center;\">Alicante \u2013 San Vicente<\/td>\n<td style=\"width: 20%; height: 24px; text-align: center;\">2<\/td>\n<td style=\"width: 20%; height: 24px; text-align: center;\">A<\/td>\n<td style=\"width: 20%; height: 24px; text-align: center;\">1.75\u20ac<\/td>\n<td style=\"width: 20%; height: 24px; text-align: center;\">~28 minutes<\/td>\n<\/tr>\n<\/tbody>\n<\/table>\n<p>[\/et_pb_text][\/et_pb_column][\/et_pb_row][et_pb_row column_structure=&#8221;1_3,2_3&#8243; _builder_version=&#8221;4.18.0&#8243; _module_preset=&#8221;default&#8221; custom_padding=&#8221;2em||2em||true|false&#8221; collapsed=&#8221;off&#8221; global_colors_info=&#8221;{}&#8221;][et_pb_column type=&#8221;1_3&#8243; _builder_version=&#8221;4.18.0&#8243; _module_preset=&#8221;default&#8221; global_colors_info=&#8221;{}&#8221;][\/et_pb_column][et_pb_column type=&#8221;2_3&#8243; _builder_version=&#8221;4.18.0&#8243; _module_preset=&#8221;default&#8221; global_colors_info=&#8221;{}&#8221;][et_pb_text _builder_version=&#8221;4.18.0&#8243; _module_preset=&#8221;default&#8221; text_font_size_tablet=&#8221;&#8221; text_font_size_phone=&#8221;14px&#8221; text_font_size_last_edited=&#8221;on|phone&#8221; global_colors_info=&#8221;{}&#8221;]<\/p>\n<h3><span class=\"ez-toc-section\" id=\"Fares\"><\/span>Fares<span class=\"ez-toc-section-end\"><\/span><\/h3>\n<p>The single ticket (sencillo) price for one zone, is 1.45\u20ac and the return ticket (ida y vuelta) cost 2,50\u20ac.<\/p>\n<p>If you move between 2 zones the price is 2,80\u20ac and 4,80\u20ac for the return ticket.<\/p>\n<p>Moving the 3 zones cost 3,90\u20ac and the fare for the return ticket is 6,65\u20ac.<\/p>\n<p>If you are going to use the tram often, it is worth getting a rechargeable public transit card that cost 2\u20ac. Keep in mind the fare reduction of up to 50% when\u00a0 paying with the public transport pass.<\/p>\n<blockquote>\n<p>Remember: The same public transit card can be used by several people on the same trip.<\/p>\n<\/blockquote>\n<p>NOTE: If you want to recharge your card with a different type of fare than what you had previously, the card needs to be empty. Example, you purchased a Bono 10 Zone 1 and still have 2 tickets left on the card. You cannot load it with a different zone type example Bono 10 Zone 3.<\/p>\n<p>[\/et_pb_text][et_pb_text module_id=&#8221;fare-summary&#8221; _builder_version=&#8221;4.18.0&#8243; _module_preset=&#8221;default&#8221; text_font_size_tablet=&#8221;&#8221; text_font_size_phone=&#8221;12px&#8221; text_font_size_last_edited=&#8221;on|phone&#8221; text_line_height_tablet=&#8221;&#8221; text_line_height_phone=&#8221;1.5em&#8221; text_line_height_last_edited=&#8221;on|phone&#8221; overflow-x_tablet=&#8221;&#8221; overflow-x_phone=&#8221;scroll&#8221; overflow-x_last_edited=&#8221;on|phone&#8221; global_colors_info=&#8221;{}&#8221;]<\/p>\n<h3><span class=\"ez-toc-section\" id=\"Fare_summary\"><\/span>Fare summary<span class=\"ez-toc-section-end\"><\/span><\/h3>\n<table style=\"border-collapse: collapse; width: 100%; height: 120px;\" border=\"1\">\n<tbody>\n<tr style=\"height: 24px;\">\n<td style=\"width: 25%; text-align: center; height: 24px;\"><strong>Ticket Type<\/strong><\/td>\n<td style=\"width: 25%; text-align: center; height: 24px;\"><strong>Moving between Zone 1<\/strong><\/td>\n<td style=\"width: 25%; text-align: center; height: 24px;\"><strong>Moving between Zone 2<\/strong><\/td>\n<td style=\"width: 25%; text-align: center; height: 24px;\"><strong>Moving between Zone 3<\/strong><\/td>\n<\/tr>\n<tr style=\"height: 24px;\">\n<td style=\"width: 25%; text-align: center; height: 24px;\">single (sencillo)<\/td>\n<td style=\"width: 25%; text-align: center; height: 24px;\">1.45\u20ac<\/td>\n<td style=\"width: 25%; text-align: center; height: 24px;\">2,80\u20ac<\/td>\n<td style=\"width: 25%; text-align: center; height: 24px;\">3,90\u20ac<\/td>\n<\/tr>\n<tr style=\"height: 24px;\">\n<td style=\"width: 25%; text-align: center; height: 24px;\">single return (ida y vuelta)<\/td>\n<td style=\"width: 25%; text-align: center; height: 24px;\">2,50\u20ac<\/td>\n<td style=\"width: 25%; text-align: center; height: 24px;\">4,80\u20ac<\/td>\n<td style=\"width: 25%; text-align: center; height: 24px;\">6,65\u20ac<\/td>\n<\/tr>\n<tr style=\"height: 24px;\">\n<td style=\"width: 25%; text-align: center; height: 24px;\">10 trips travel card (Bono 10)<\/td>\n<td style=\"width: 25%; text-align: center; height: 24px;\">8,00\u20ac (0.8\u20ac per trip)<\/td>\n<td style=\"width: 25%; text-align: center; height: 24px;\">12,00\u20ac (1.2\u20ac per trip)<\/td>\n<td style=\"width: 25%; text-align: center; height: 24px;\">20,00\u20ac (2\u20ac per trip)<\/td>\n<\/tr>\n<tr style=\"height: 24px;\">\n<td style=\"width: 25%; height: 24px; text-align: center;\">30 trips travel card (Bono 30)<\/td>\n<td class=\"has-text-align-center\" style=\"width: 25%; text-align: center; height: 24px;\" data-align=\"center\">22,80\u20ac (0.76\u20ac per trip)<\/td>\n<td style=\"width: 25%; height: 24px; text-align: center;\">34,20\u20ac (1.14\u20ac per trip)<\/td>\n<td style=\"width: 25%; height: 24px; text-align: center;\">57,00\u20ac (1.90\u20ac per trip)<\/td>\n<\/tr>\n<\/tbody>\n<\/table>\n<p>[\/et_pb_text][\/et_pb_column][\/et_pb_row][et_pb_row column_structure=&#8221;1_3,2_3&#8243; admin_label=&#8221;Row&#8221; _builder_version=&#8221;4.18.0&#8243; _module_preset=&#8221;default&#8221; custom_padding=&#8221;2em||2em||true|false&#8221; collapsed=&#8221;off&#8221; global_colors_info=&#8221;{}&#8221;][et_pb_column type=&#8221;1_3&#8243; _builder_version=&#8221;4.18.0&#8243; _module_preset=&#8221;default&#8221; global_colors_info=&#8221;{}&#8221;][\/et_pb_column][et_pb_column type=&#8221;2_3&#8243; _builder_version=&#8221;4.18.0&#8243; _module_preset=&#8221;default&#8221; global_colors_info=&#8221;{}&#8221;][et_pb_text _builder_version=&#8221;4.18.0&#8243; _module_preset=&#8221;default&#8221; text_font_size_tablet=&#8221;&#8221; text_font_size_phone=&#8221;14px&#8221; text_font_size_last_edited=&#8221;on|phone&#8221; global_colors_info=&#8221;{}&#8221;]<\/p>\n<h3><span class=\"ez-toc-section\" id=\"Special_Zones_T1_and_T2\"><\/span>Special Zones T1 and T2<span class=\"ez-toc-section-end\"><\/span><\/h3>\n<p>There are a couple of special zones called T1 and T2 that are situated where the TRAM zones switch. T1 is in between Zone A and Zone B. T2 is between zone B and zone C. When travelling inside the special zones, you will need to pay for only TRAM zone.<\/p>\n<p>As an example, a traveller from Calpe to Altea would typically have to pay for a two-zone ticket (C to A). But both TRAM stops are inside the special zone T2. That means travellers from Calpe to Altea would need to pay a ticket fare equivalent to just one TRAM zone.<\/p>\n<p>[\/et_pb_text][et_pb_text _builder_version=&#8221;4.18.0&#8243; _module_preset=&#8221;default&#8221; text_font_size_tablet=&#8221;&#8221; text_font_size_phone=&#8221;14px&#8221; text_font_size_last_edited=&#8221;on|phone&#8221; global_colors_info=&#8221;{}&#8221;]<\/p>\n<h3><span class=\"ez-toc-section\" id=\"Amenities\"><\/span>Amenities<span class=\"ez-toc-section-end\"><\/span><\/h3>\n<p>Most of the TRAM lines are electric. The trains are modern and quiet. All trains have A\/C in summer and heating in winter. Some have charging stations for your mobile devices.<\/p>\n<p>There are no toilets on the trains or stations, so keep this in mind when planning a long trip.<\/p>\n<p>The TRAM has buttons inside the trains to ask the driver to stop at the next TRAM stop. This is especially important in sections where there are no visible passengers waiting to get on. It behaves in a similar way a bus would do.<\/p>\n<p>[\/et_pb_text][\/et_pb_column][\/et_pb_row][et_pb_row column_structure=&#8221;1_3,2_3&#8243; _builder_version=&#8221;4.18.0&#8243; _module_preset=&#8221;default&#8221; min_height=&#8221;79.2px&#8221; custom_margin=&#8221;||||false|false&#8221; custom_padding=&#8221;2em||2em||true|false&#8221; collapsed=&#8221;off&#8221; global_colors_info=&#8221;{}&#8221;][et_pb_column type=&#8221;1_3&#8243; _builder_version=&#8221;4.18.0&#8243; _module_preset=&#8221;default&#8221; global_colors_info=&#8221;{}&#8221;][\/et_pb_column][et_pb_column type=&#8221;2_3&#8243; _builder_version=&#8221;4.18.0&#8243; _module_preset=&#8221;default&#8221; global_colors_info=&#8221;{}&#8221;][et_pb_text module_class=&#8221;tram-time-table&#8221; _builder_version=&#8221;4.18.0&#8243; _module_preset=&#8221;default&#8221; text_font_size_tablet=&#8221;&#8221; text_font_size_phone=&#8221;14px&#8221; text_font_size_last_edited=&#8221;on|phone&#8221; locked=&#8221;off&#8221; global_colors_info=&#8221;{}&#8221;]<\/p>\n<h3><span class=\"ez-toc-section\" id=\"Alicante_TRAM_Schedules_and_Timetables\"><\/span>Alicante TRAM Schedules and Timetables<span class=\"ez-toc-section-end\"><\/span><\/h3>\n<p>Lines 1 and 3 share some of the same stops until Campello so the schedule is offered together<\/p>\n<p>[\/et_pb_text][et_pb_text module_class=&#8221;tram-time-table&#8221; _builder_version=&#8221;4.20.0&#8243; _module_preset=&#8221;default&#8221; text_font_size_tablet=&#8221;&#8221; text_font_size_phone=&#8221;14px&#8221; text_font_size_last_edited=&#8221;on|phone&#8221; text_line_height_tablet=&#8221;&#8221; text_line_height_phone=&#8221;1.5em&#8221; text_line_height_last_edited=&#8221;on|phone&#8221; locked=&#8221;off&#8221; global_colors_info=&#8221;{}&#8221;]<\/p>\n<table style=\"height: 319px; width: 100%; border-collapse: separate; border-spacing: 0 15px;\" border=\"0\">\n<tbody>\n<tr style=\"height: 48px; margin-bottom: 2em;\">\n<td style=\"width: 5.71027%; height: 48px; background-color: #c42c00; color: white; text-align: center; border-radius: 12px;\">L1<\/td>\n<td style=\"width: 2.29358%; background-color: #f2cb01; color: white; text-align: center; border-radius: 12px;\">L3<\/td>\n<td style=\"width: 95%; height: 48px;\"><a href=\"https:\/\/suitcaseinspain.com\/wp-content\/uploads\/2022\/08\/horarios-L1-L3-Alicante-Campello-Benidorm.pdf\" target=\"_blank\" rel=\"noopener\">1. Alicante(Luceros) &#8211; Campello \u2013 Benidorm<\/a><br \/><a href=\"https:\/\/suitcaseinspain.com\/wp-content\/uploads\/2022\/08\/horarios-L1-L3-Benidorm-Alicante.pdf\" target=\"_blank\" rel=\"noopener\">2. Benidorm &#8211; Campello &#8211; Alicante (Luceros)<\/a><\/td>\n<\/tr>\n<tr style=\"height: 48px;\">\n<td style=\"width: 5.71027%; height: 48px; background-color: #00903c; color: white; text-align: center; border-radius: 12px;\" colspan=\"2\">L2<\/td>\n<td style=\"width: 95%; height: 48px;\"><a href=\"https:\/\/suitcaseinspain.com\/wp-content\/uploads\/2022\/08\/L2-SanVicente-Luceros.pdf\" target=\"_blank\" rel=\"noopener\">Alicante (Luceros) \u2013 Sant Vicent del Raspeig<\/a><\/td>\n<\/tr>\n<tr style=\"height: 48px;\">\n<td style=\"width: 5.71027%; height: 48px; background-color: #a09bc7; color: white; text-align: center; border-radius: 12px;\" colspan=\"2\">L4<\/td>\n<td style=\"width: 95%; height: 48px;\"><a href=\"https:\/\/suitcaseinspain.com\/wp-content\/uploads\/2022\/08\/horarios-L4LucerosSanJuan.pdf\" target=\"_blank\" rel=\"noopener\">Alicante (Luceros) \u2013 Playa San Juan<\/a><\/td>\n<\/tr>\n<tr style=\"height: 48px;\">\n<td style=\"width: 5.71027%; height: 48px; background-color: #9b9c9e; color: white; text-align: center; border-radius: 12px;\" colspan=\"2\">L9<\/td>\n<td style=\"width: 95%; height: 48px;\"><a href=\"https:\/\/suitcaseinspain.com\/wp-content\/uploads\/2022\/08\/horarios-L9-Alicante-Benidorm.pdf\" target=\"_blank\" rel=\"noopener\">Benidorm \u2013 Denia<\/a><\/td>\n<\/tr>\n<\/tbody>\n<\/table>\n<p>&nbsp;<\/p>\n<p>[\/et_pb_text][et_pb_text disabled_on=&#8221;on|on|on&#8221; module_class=&#8221;tram-time-table&#8221; _builder_version=&#8221;4.18.0&#8243; _module_preset=&#8221;default&#8221; text_font_size_tablet=&#8221;&#8221; text_font_size_phone=&#8221;14px&#8221; text_font_size_last_edited=&#8221;on|phone&#8221; disabled=&#8221;on&#8221; locked=&#8221;off&#8221; global_colors_info=&#8221;{}&#8221;]<\/p>\n<blockquote>\n<p>NOTE: Substitute bus service between Gata and D\u00e9nia.<br \/>The train trip between Gata and D\u00e9nia is temporarily suspended. A substitute bus service is operating and the timetables are approximate. Please, go to the location of bus stops in this link.<\/p>\n<\/blockquote>\n<p>[\/et_pb_text][\/et_pb_column][\/et_pb_row][et_pb_row column_structure=&#8221;1_3,2_3&#8243; _builder_version=&#8221;4.18.0&#8243; _module_preset=&#8221;default&#8221; custom_padding=&#8221;2em||2em||true|false&#8221; collapsed=&#8221;off&#8221; global_colors_info=&#8221;{}&#8221;][et_pb_column type=&#8221;1_3&#8243; _builder_version=&#8221;4.18.0&#8243; _module_preset=&#8221;default&#8221; global_colors_info=&#8221;{}&#8221;][\/et_pb_column][et_pb_column type=&#8221;2_3&#8243; _builder_version=&#8221;4.18.0&#8243; _module_preset=&#8221;default&#8221; global_colors_info=&#8221;{}&#8221;][et_pb_text _builder_version=&#8221;4.20.0&#8243; _module_preset=&#8221;default&#8221; text_font_size_tablet=&#8221;&#8221; text_font_size_phone=&#8221;14px&#8221; text_font_size_last_edited=&#8221;on|phone&#8221; global_colors_info=&#8221;{}&#8221;]<\/p>\n<h2><span class=\"ez-toc-section\" id=\"Travel_rules_%E2%80%93_bicycles\"><\/span>Travel rules &#8211; bicycles<span class=\"ez-toc-section-end\"><\/span><\/h2>\n<p>Bike + TRAM<\/p>\n<p>Transporting bicycles and scooters is permitted throughout the network.<\/p>\n<p>Due to the high occupancy of trains and trams, bicycles and scooters are not allowed to be transported in zone A of the TRAM d\u2019Alacant during the following periods:<\/p>\n<ul>\n<li>During Sundays until 31 August of the current year (2022).<\/li>\n<li>During the Hogueras period, between 20 and 24 June.<\/li>\n<li>The night of 24 to 25 June.<\/li>\n<\/ul>\n<p>The number of bicycles or scooters is limited to four per vehicle. This amount may be modified, at the discretion of FGV personnel, depending on the actual busyness of the vehicle or other circumstances that may require it.<\/p>\n<p>Persons carrying scooters and bicycles shall be responsible for not causing a nuisance to the rest of the passengers or damage to vehicles or facilities.<\/p>\n<p>Persons carrying scooters and bicycles must stand next to them in the empty spaces of trains and trams. Folded bicycles can be transported as hand luggage.<\/p>\n<p>Scooters should preferably be folded and, when possible, partially or totally hidden under the seats.<\/p>\n<p>Under no circumstances may drivers\u2019 access to the driver\u2019s cab be obstructed.<\/p>\n<p>During the Hogueras de San Juan and other events, bicycles and scooters are not allowed in the TRAM d\u2019Alacant network.<\/p>\n<p>Folded bicycles are considered as hand luggage.<\/p>\n<p><a href=\"https:\/\/www.tramalicante.es\/en\/travel-regulations\/\" target=\"_blank\" rel=\"noopener\">Click here for the General Travel Regulations<\/a><\/p>\n<p>[\/et_pb_text][\/et_pb_column][\/et_pb_row][\/et_pb_section]<\/p>\n","protected":false},"excerpt":{"rendered":"<p>If you use\u00a0 public transit and live in la Comunidad Valenciana (Alicante, Castellon and Valencia), you are in luck! Fares have dropped by 50% effective until 31 January 2024.\u00a0 To take advantage of this, you need to purchase a M\u00f3bilis public transit card (Bono M\u00f3bilis Multiviaje)\u00a0and load it with 10 to 30 trips.\u00a0 The Mobilis [&hellip;]<\/p>\n","protected":false},"author":1,"featured_media":0,"parent":222313,"menu_order":0,"comment_status":"closed","ping_status":"closed","template":"","meta":{"_et_pb_use_builder":"on","_et_pb_old_content":"","_et_gb_content_width":"","footnotes":""},"class_list":["post-222862","page","type-page","status-publish","hentry"],"yoast_head":"<!-- This site is optimized with the Yoast SEO plugin v27.4 - https:\/\/yoast.com\/product\/yoast-seo-wordpress\/ -->\n<title>Alicante TRAM - Prices, schedule and more | Suitcase in SPAIN<\/title>\n<meta name=\"robots\" content=\"index, follow, max-snippet:-1, max-image-preview:large, max-video-preview:-1\" \/>\n<link rel=\"canonical\" href=\"https:\/\/suitcaseinspain.com\/es\/around-the-world\/spain\/community-of-valencia\/discover-alicante\/getting-around-alicante\/alicante-tram-prices-schedule-and-more\/\" \/>\n<meta property=\"og:locale\" content=\"es_ES\" \/>\n<meta property=\"og:type\" content=\"article\" \/>\n<meta property=\"og:title\" content=\"Alicante TRAM - Prices, schedule and more | Suitcase in SPAIN\" \/>\n<meta property=\"og:description\" content=\"If you use\u00a0 public transit and live in la Comunidad Valenciana (Alicante, Castellon and Valencia), you are in luck! Fares have dropped by 50% effective until 31 January 2024.\u00a0 To take advantage of this, you need to purchase a M\u00f3bilis public transit card (Bono M\u00f3bilis Multiviaje)\u00a0and load it with 10 to 30 trips.\u00a0 The Mobilis [&hellip;]\" \/>\n<meta property=\"og:url\" content=\"https:\/\/suitcaseinspain.com\/es\/around-the-world\/spain\/community-of-valencia\/discover-alicante\/getting-around-alicante\/alicante-tram-prices-schedule-and-more\/\" \/>\n<meta property=\"og:site_name\" content=\"Suitcase in SPAIN\" \/>\n<meta property=\"article:publisher\" content=\"https:\/\/www.facebook.com\/suitcaseinspain\/\" \/>\n<meta property=\"article:modified_time\" content=\"2023-07-31T06:17:10+00:00\" \/>\n<meta property=\"og:image\" content=\"https:\/\/suitcaseinspain.com\/wp-content\/uploads\/2022\/08\/publictransportcardALC.jpg\" \/>\n<meta name=\"twitter:card\" content=\"summary_large_image\" \/>\n<meta name=\"twitter:label1\" content=\"Tiempo de lectura\" \/>\n\t<meta name=\"twitter:data1\" content=\"15 minutos\" \/>\n<script type=\"application\/ld+json\" class=\"yoast-schema-graph\">{\"@context\":\"https:\\\/\\\/schema.org\",\"@graph\":[{\"@type\":\"WebPage\",\"@id\":\"https:\\\/\\\/suitcaseinspain.com\\\/around-the-world\\\/spain\\\/community-of-valencia\\\/discover-alicante\\\/getting-around-alicante\\\/alicante-tram-prices-schedule-and-more\\\/\",\"url\":\"https:\\\/\\\/suitcaseinspain.com\\\/around-the-world\\\/spain\\\/community-of-valencia\\\/discover-alicante\\\/getting-around-alicante\\\/alicante-tram-prices-schedule-and-more\\\/\",\"name\":\"Alicante TRAM - Prices, schedule and more | Suitcase in SPAIN\",\"isPartOf\":{\"@id\":\"https:\\\/\\\/suitcaseinspain.com\\\/#website\"},\"primaryImageOfPage\":{\"@id\":\"https:\\\/\\\/suitcaseinspain.com\\\/around-the-world\\\/spain\\\/community-of-valencia\\\/discover-alicante\\\/getting-around-alicante\\\/alicante-tram-prices-schedule-and-more\\\/#primaryimage\"},\"image\":{\"@id\":\"https:\\\/\\\/suitcaseinspain.com\\\/around-the-world\\\/spain\\\/community-of-valencia\\\/discover-alicante\\\/getting-around-alicante\\\/alicante-tram-prices-schedule-and-more\\\/#primaryimage\"},\"thumbnailUrl\":\"https:\\\/\\\/suitcaseinspain.com\\\/wp-content\\\/uploads\\\/2022\\\/08\\\/publictransportcardALC.jpg\",\"datePublished\":\"2022-08-18T16:22:59+00:00\",\"dateModified\":\"2023-07-31T06:17:10+00:00\",\"breadcrumb\":{\"@id\":\"https:\\\/\\\/suitcaseinspain.com\\\/around-the-world\\\/spain\\\/community-of-valencia\\\/discover-alicante\\\/getting-around-alicante\\\/alicante-tram-prices-schedule-and-more\\\/#breadcrumb\"},\"inLanguage\":\"es\",\"potentialAction\":[{\"@type\":\"ReadAction\",\"target\":[\"https:\\\/\\\/suitcaseinspain.com\\\/around-the-world\\\/spain\\\/community-of-valencia\\\/discover-alicante\\\/getting-around-alicante\\\/alicante-tram-prices-schedule-and-more\\\/\"]}]},{\"@type\":\"ImageObject\",\"inLanguage\":\"es\",\"@id\":\"https:\\\/\\\/suitcaseinspain.com\\\/around-the-world\\\/spain\\\/community-of-valencia\\\/discover-alicante\\\/getting-around-alicante\\\/alicante-tram-prices-schedule-and-more\\\/#primaryimage\",\"url\":\"https:\\\/\\\/suitcaseinspain.com\\\/wp-content\\\/uploads\\\/2022\\\/08\\\/publictransportcardALC.jpg\",\"contentUrl\":\"https:\\\/\\\/suitcaseinspain.com\\\/wp-content\\\/uploads\\\/2022\\\/08\\\/publictransportcardALC.jpg\"},{\"@type\":\"BreadcrumbList\",\"@id\":\"https:\\\/\\\/suitcaseinspain.com\\\/around-the-world\\\/spain\\\/community-of-valencia\\\/discover-alicante\\\/getting-around-alicante\\\/alicante-tram-prices-schedule-and-more\\\/#breadcrumb\",\"itemListElement\":[{\"@type\":\"ListItem\",\"position\":1,\"name\":\"Home\",\"item\":\"https:\\\/\\\/suitcaseinspain.com\\\/\"},{\"@type\":\"ListItem\",\"position\":2,\"name\":\"Around the World\",\"item\":\"https:\\\/\\\/suitcaseinspain.com\\\/around-the-world\\\/\"},{\"@type\":\"ListItem\",\"position\":3,\"name\":\"Spain\",\"item\":\"https:\\\/\\\/suitcaseinspain.com\\\/around-the-world\\\/spain\\\/\"},{\"@type\":\"ListItem\",\"position\":4,\"name\":\"The Autonomous Community of Valencia\",\"item\":\"https:\\\/\\\/suitcaseinspain.com\\\/around-the-world\\\/spain\\\/community-of-valencia\\\/\"},{\"@type\":\"ListItem\",\"position\":5,\"name\":\"Discover Alicante\",\"item\":\"https:\\\/\\\/suitcaseinspain.com\\\/around-the-world\\\/spain\\\/community-of-valencia\\\/discover-alicante\\\/\"},{\"@type\":\"ListItem\",\"position\":6,\"name\":\"Getting Around Alicante\",\"item\":\"https:\\\/\\\/suitcaseinspain.com\\\/around-the-world\\\/spain\\\/community-of-valencia\\\/discover-alicante\\\/getting-around-alicante\\\/\"},{\"@type\":\"ListItem\",\"position\":7,\"name\":\"Alicante TRAM &#8211; Prices, schedule and more\"}]},{\"@type\":\"WebSite\",\"@id\":\"https:\\\/\\\/suitcaseinspain.com\\\/#website\",\"url\":\"https:\\\/\\\/suitcaseinspain.com\\\/\",\"name\":\"Suitcase in SPAIN\",\"description\":\"La Vida Loca in Spain\",\"publisher\":{\"@id\":\"https:\\\/\\\/suitcaseinspain.com\\\/#organization\"},\"potentialAction\":[{\"@type\":\"SearchAction\",\"target\":{\"@type\":\"EntryPoint\",\"urlTemplate\":\"https:\\\/\\\/suitcaseinspain.com\\\/?s={search_term_string}\"},\"query-input\":{\"@type\":\"PropertyValueSpecification\",\"valueRequired\":true,\"valueName\":\"search_term_string\"}}],\"inLanguage\":\"es\"},{\"@type\":\"Organization\",\"@id\":\"https:\\\/\\\/suitcaseinspain.com\\\/#organization\",\"name\":\"Suitcase in SPAIN\",\"url\":\"https:\\\/\\\/suitcaseinspain.com\\\/\",\"logo\":{\"@type\":\"ImageObject\",\"inLanguage\":\"es\",\"@id\":\"https:\\\/\\\/suitcaseinspain.com\\\/#\\\/schema\\\/logo\\\/image\\\/\",\"url\":\"https:\\\/\\\/suitcaseinspain.com\\\/wp-content\\\/uploads\\\/2022\\\/08\\\/Suitcase_in_Spain_Logo.jpg\",\"contentUrl\":\"https:\\\/\\\/suitcaseinspain.com\\\/wp-content\\\/uploads\\\/2022\\\/08\\\/Suitcase_in_Spain_Logo.jpg\",\"width\":1251,\"height\":1251,\"caption\":\"Suitcase in SPAIN\"},\"image\":{\"@id\":\"https:\\\/\\\/suitcaseinspain.com\\\/#\\\/schema\\\/logo\\\/image\\\/\"},\"sameAs\":[\"https:\\\/\\\/www.facebook.com\\\/suitcaseinspain\\\/\",\"https:\\\/\\\/www.instagram.com\\\/suitcaseinspain\\\/\",\"https:\\\/\\\/www.youtube.com\\\/@suitcaseinspain\"]}]}<\/script>\n<!-- \/ Yoast SEO plugin. -->","yoast_head_json":{"title":"Alicante TRAM - Prices, schedule and more | Suitcase in SPAIN","robots":{"index":"index","follow":"follow","max-snippet":"max-snippet:-1","max-image-preview":"max-image-preview:large","max-video-preview":"max-video-preview:-1"},"canonical":"https:\/\/suitcaseinspain.com\/es\/around-the-world\/spain\/community-of-valencia\/discover-alicante\/getting-around-alicante\/alicante-tram-prices-schedule-and-more\/","og_locale":"es_ES","og_type":"article","og_title":"Alicante TRAM - Prices, schedule and more | Suitcase in SPAIN","og_description":"If you use\u00a0 public transit and live in la Comunidad Valenciana (Alicante, Castellon and Valencia), you are in luck! Fares have dropped by 50% effective until 31 January 2024.\u00a0 To take advantage of this, you need to purchase a M\u00f3bilis public transit card (Bono M\u00f3bilis Multiviaje)\u00a0and load it with 10 to 30 trips.\u00a0 The Mobilis [&hellip;]","og_url":"https:\/\/suitcaseinspain.com\/es\/around-the-world\/spain\/community-of-valencia\/discover-alicante\/getting-around-alicante\/alicante-tram-prices-schedule-and-more\/","og_site_name":"Suitcase in SPAIN","article_publisher":"https:\/\/www.facebook.com\/suitcaseinspain\/","article_modified_time":"2023-07-31T06:17:10+00:00","og_image":[{"url":"https:\/\/suitcaseinspain.com\/wp-content\/uploads\/2022\/08\/publictransportcardALC.jpg","type":"","width":"","height":""}],"twitter_card":"summary_large_image","twitter_misc":{"Tiempo de lectura":"15 minutos"},"schema":{"@context":"https:\/\/schema.org","@graph":[{"@type":"WebPage","@id":"https:\/\/suitcaseinspain.com\/around-the-world\/spain\/community-of-valencia\/discover-alicante\/getting-around-alicante\/alicante-tram-prices-schedule-and-more\/","url":"https:\/\/suitcaseinspain.com\/around-the-world\/spain\/community-of-valencia\/discover-alicante\/getting-around-alicante\/alicante-tram-prices-schedule-and-more\/","name":"Alicante TRAM - Prices, schedule and more | Suitcase in SPAIN","isPartOf":{"@id":"https:\/\/suitcaseinspain.com\/#website"},"primaryImageOfPage":{"@id":"https:\/\/suitcaseinspain.com\/around-the-world\/spain\/community-of-valencia\/discover-alicante\/getting-around-alicante\/alicante-tram-prices-schedule-and-more\/#primaryimage"},"image":{"@id":"https:\/\/suitcaseinspain.com\/around-the-world\/spain\/community-of-valencia\/discover-alicante\/getting-around-alicante\/alicante-tram-prices-schedule-and-more\/#primaryimage"},"thumbnailUrl":"https:\/\/suitcaseinspain.com\/wp-content\/uploads\/2022\/08\/publictransportcardALC.jpg","datePublished":"2022-08-18T16:22:59+00:00","dateModified":"2023-07-31T06:17:10+00:00","breadcrumb":{"@id":"https:\/\/suitcaseinspain.com\/around-the-world\/spain\/community-of-valencia\/discover-alicante\/getting-around-alicante\/alicante-tram-prices-schedule-and-more\/#breadcrumb"},"inLanguage":"es","potentialAction":[{"@type":"ReadAction","target":["https:\/\/suitcaseinspain.com\/around-the-world\/spain\/community-of-valencia\/discover-alicante\/getting-around-alicante\/alicante-tram-prices-schedule-and-more\/"]}]},{"@type":"ImageObject","inLanguage":"es","@id":"https:\/\/suitcaseinspain.com\/around-the-world\/spain\/community-of-valencia\/discover-alicante\/getting-around-alicante\/alicante-tram-prices-schedule-and-more\/#primaryimage","url":"https:\/\/suitcaseinspain.com\/wp-content\/uploads\/2022\/08\/publictransportcardALC.jpg","contentUrl":"https:\/\/suitcaseinspain.com\/wp-content\/uploads\/2022\/08\/publictransportcardALC.jpg"},{"@type":"BreadcrumbList","@id":"https:\/\/suitcaseinspain.com\/around-the-world\/spain\/community-of-valencia\/discover-alicante\/getting-around-alicante\/alicante-tram-prices-schedule-and-more\/#breadcrumb","itemListElement":[{"@type":"ListItem","position":1,"name":"Home","item":"https:\/\/suitcaseinspain.com\/"},{"@type":"ListItem","position":2,"name":"Around the World","item":"https:\/\/suitcaseinspain.com\/around-the-world\/"},{"@type":"ListItem","position":3,"name":"Spain","item":"https:\/\/suitcaseinspain.com\/around-the-world\/spain\/"},{"@type":"ListItem","position":4,"name":"The Autonomous Community of Valencia","item":"https:\/\/suitcaseinspain.com\/around-the-world\/spain\/community-of-valencia\/"},{"@type":"ListItem","position":5,"name":"Discover Alicante","item":"https:\/\/suitcaseinspain.com\/around-the-world\/spain\/community-of-valencia\/discover-alicante\/"},{"@type":"ListItem","position":6,"name":"Getting Around Alicante","item":"https:\/\/suitcaseinspain.com\/around-the-world\/spain\/community-of-valencia\/discover-alicante\/getting-around-alicante\/"},{"@type":"ListItem","position":7,"name":"Alicante TRAM &#8211; Prices, schedule and more"}]},{"@type":"WebSite","@id":"https:\/\/suitcaseinspain.com\/#website","url":"https:\/\/suitcaseinspain.com\/","name":"Suitcase in SPAIN","description":"La Vida Loca in Spain","publisher":{"@id":"https:\/\/suitcaseinspain.com\/#organization"},"potentialAction":[{"@type":"SearchAction","target":{"@type":"EntryPoint","urlTemplate":"https:\/\/suitcaseinspain.com\/?s={search_term_string}"},"query-input":{"@type":"PropertyValueSpecification","valueRequired":true,"valueName":"search_term_string"}}],"inLanguage":"es"},{"@type":"Organization","@id":"https:\/\/suitcaseinspain.com\/#organization","name":"Suitcase in SPAIN","url":"https:\/\/suitcaseinspain.com\/","logo":{"@type":"ImageObject","inLanguage":"es","@id":"https:\/\/suitcaseinspain.com\/#\/schema\/logo\/image\/","url":"https:\/\/suitcaseinspain.com\/wp-content\/uploads\/2022\/08\/Suitcase_in_Spain_Logo.jpg","contentUrl":"https:\/\/suitcaseinspain.com\/wp-content\/uploads\/2022\/08\/Suitcase_in_Spain_Logo.jpg","width":1251,"height":1251,"caption":"Suitcase in SPAIN"},"image":{"@id":"https:\/\/suitcaseinspain.com\/#\/schema\/logo\/image\/"},"sameAs":["https:\/\/www.facebook.com\/suitcaseinspain\/","https:\/\/www.instagram.com\/suitcaseinspain\/","https:\/\/www.youtube.com\/@suitcaseinspain"]}]}},"_links":{"self":[{"href":"https:\/\/suitcaseinspain.com\/es\/wp-json\/wp\/v2\/pages\/222862","targetHints":{"allow":["GET"]}}],"collection":[{"href":"https:\/\/suitcaseinspain.com\/es\/wp-json\/wp\/v2\/pages"}],"about":[{"href":"https:\/\/suitcaseinspain.com\/es\/wp-json\/wp\/v2\/types\/page"}],"author":[{"embeddable":true,"href":"https:\/\/suitcaseinspain.com\/es\/wp-json\/wp\/v2\/users\/1"}],"replies":[{"embeddable":true,"href":"https:\/\/suitcaseinspain.com\/es\/wp-json\/wp\/v2\/comments?post=222862"}],"version-history":[{"count":0,"href":"https:\/\/suitcaseinspain.com\/es\/wp-json\/wp\/v2\/pages\/222862\/revisions"}],"up":[{"embeddable":true,"href":"https:\/\/suitcaseinspain.com\/es\/wp-json\/wp\/v2\/pages\/222313"}],"wp:attachment":[{"href":"https:\/\/suitcaseinspain.com\/es\/wp-json\/wp\/v2\/media?parent=222862"}],"curies":[{"name":"wp","href":"https:\/\/api.w.org\/{rel}","templated":true}]}}